{"id":29573,"date":"2021-10-18T20:37:57","date_gmt":"2021-10-18T18:37:57","guid":{"rendered":"https:\/\/optiquedouchy.ch\/?page_id=29573"},"modified":"2022-01-25T09:11:04","modified_gmt":"2022-01-25T08:11:04","slug":"lafondatrice","status":"publish","type":"page","link":"https:\/\/optiquedouchy.ch\/en\/lafondatrice\/","title":{"rendered":"The Founder"},"content":{"rendered":"<p>[et_pb_section fb_built=\u00a0\u00bb1&Prime; _builder_version=\u00a0\u00bb4.13.1&Prime; _module_preset=\u00a0\u00bbdefault\u00a0\u00bb custom_margin=\u00a0\u00bb0px||0px||false|false\u00a0\u00bb custom_padding=\u00a0\u00bb0px||0px||false|false\u00a0\u00bb global_colors_info=\u00a0\u00bb{}\u00a0\u00bb][et_pb_row use_custom_gutter=\u00a0\u00bbon\u00a0\u00bb gutter_width=\u00a0\u00bb2&Prime; make_equal=\u00a0\u00bbon\u00a0\u00bb admin_label=\u00a0\u00bbCr\u00e9ation\u00a0\u00bb _builder_version=\u00a0\u00bb4.13.1&Prime; _module_preset=\u00a0\u00bbdefault\u00a0\u00bb width=\u00a0\u00bb1080px\u00a0\u00bb width_tablet=\u00a0\u00bb100%\u00a0\u00bb width_phone=\u00a0\u00bb\u00a0\u00bb width_last_edited=\u00a0\u00bbon|desktop\u00a0\u00bb max_width=\u00a0\u00bb100%\u00a0\u00bb max_width_tablet=\u00a0\u00bb100%\u00a0\u00bb max_width_phone=\u00a0\u00bb\u00a0\u00bb max_width_last_edited=\u00a0\u00bbon|phone\u00a0\u00bb custom_margin=\u00a0\u00bb100px|auto||auto|false|false\u00a0\u00bb custom_css_main_element=\u00a0\u00bbdisplay: flex;||flex-wrap: wrap;\u00a0\u00bb global_colors_info=\u00a0\u00bb{}\u00a0\u00bb][et_pb_column type=\u00a0\u00bb4_4&Prime; _builder_version=\u00a0\u00bb4.13.1&Prime; _module_preset=\u00a0\u00bbdefault\u00a0\u00bb global_colors_info=\u00a0\u00bb{}\u00a0\u00bb][et_pb_divider show_divider=\u00a0\u00bboff\u00a0\u00bb admin_label=\u00a0\u00bbS\u00e9parateur gauche\u00a0\u00bb _builder_version=\u00a0\u00bb4.13.1&Prime; _module_preset=\u00a0\u00bbdefault\u00a0\u00bb background_color=\u00a0\u00bb#FFFFFF\u00a0\u00bb z_index=\u00a0\u00bb1&Prime; width=\u00a0\u00bb50px\u00a0\u00bb module_alignment=\u00a0\u00bbleft\u00a0\u00bb height=\u00a0\u00bb50px\u00a0\u00bb custom_margin=\u00a0\u00bb||-50px||false|false\u00a0\u00bb custom_css_main_element=\u00a0\u00bbposition: relative\u00a0\u00bb box_shadow_style=\u00a0\u00bbpreset1&Prime; box_shadow_vertical=\u00a0\u00bb0px\u00a0\u00bb box_shadow_blur=\u00a0\u00bb0px\u00a0\u00bb box_shadow_spread=\u00a0\u00bb20px\u00a0\u00bb box_shadow_color=\u00a0\u00bb#FFFFFF\u00a0\u00bb global_colors_info=\u00a0\u00bb{}\u00a0\u00bb][\/et_pb_divider][et_pb_divider show_divider=\u00a0\u00bboff\u00a0\u00bb admin_label=\u00a0\u00bbS\u00e9parateur Centre\u00a0\u00bb _builder_version=\u00a0\u00bb4.13.1&Prime; _module_preset=\u00a0\u00bbdefault\u00a0\u00bb background_color=\u00a0\u00bb#FFFFFF\u00a0\u00bb background_image=\u00a0\u00bbhttps:\/\/optiquedouchy.ch\/wp-content\/uploads\/2021\/10\/Ornement-a-100&#215;24-bleub.png\u00a0\u00bb background_size=\u00a0\u00bbcontain\u00a0\u00bb z_index=\u00a0\u00bb1&Prime; width=\u00a0\u00bb50px\u00a0\u00bb module_alignment=\u00a0\u00bbcenter\u00a0\u00bb min_height=\u00a0\u00bb50px\u00a0\u00bb height=\u00a0\u00bb50px\u00a0\u00bb custom_margin=\u00a0\u00bb||||false|false\u00a0\u00bb custom_css_main_element=\u00a0\u00bbposition: relative\u00a0\u00bb box_shadow_style=\u00a0\u00bbpreset1&Prime; box_shadow_vertical=\u00a0\u00bb0px\u00a0\u00bb box_shadow_blur=\u00a0\u00bb0px\u00a0\u00bb box_shadow_spread=\u00a0\u00bb20px\u00a0\u00bb box_shadow_color=\u00a0\u00bb#FFFFFF\u00a0\u00bb global_colors_info=\u00a0\u00bb{}\u00a0\u00bb][\/et_pb_divider][et_pb_divider show_divider=\u00a0\u00bboff\u00a0\u00bb admin_label=\u00a0\u00bbS\u00e9parateur droit\u00a0\u00bb _builder_version=\u00a0\u00bb4.13.1&Prime; _module_preset=\u00a0\u00bbdefault\u00a0\u00bb background_color=\u00a0\u00bb#FFFFFF\u00a0\u00bb z_index=\u00a0\u00bb1&Prime; width=\u00a0\u00bb50px\u00a0\u00bb module_alignment=\u00a0\u00bbright\u00a0\u00bb min_height=\u00a0\u00bb50px\u00a0\u00bb custom_margin=\u00a0\u00bb-50px||||false|false\u00a0\u00bb custom_css_main_element=\u00a0\u00bbposition: relative\u00a0\u00bb box_shadow_style=\u00a0\u00bbpreset1&Prime; box_shadow_vertical=\u00a0\u00bb0px\u00a0\u00bb box_shadow_blur=\u00a0\u00bb0px\u00a0\u00bb box_shadow_spread=\u00a0\u00bb20px\u00a0\u00bb box_shadow_color=\u00a0\u00bb#FFFFFF\u00a0\u00bb global_colors_info=\u00a0\u00bb{}\u00a0\u00bb][\/et_pb_divider][et_pb_text admin_label=\u00a0\u00bbTexte\u00a0\u00bb _builder_version=\u00a0\u00bb4.13.1&Prime; text_font=\u00a0\u00bb||||||||\u00a0\u00bb text_text_color=\u00a0\u00bb#000042&Prime; text_font_size=\u00a0\u00bb22px\u00a0\u00bb header_font=\u00a0\u00bb||||||||\u00a0\u00bb header_text_color=\u00a0\u00bb#000042&Prime; z_index=\u00a0\u00bb0&Prime; text_orientation=\u00a0\u00bbcenter\u00a0\u00bb custom_margin=\u00a0\u00bb-25px|25px|-25px|25px|false|false\u00a0\u00bb custom_padding=\u00a0\u00bb50px|50px|50px|50px|true|true\u00a0\u00bb custom_padding_tablet=\u00a0\u00bb10%|10%|10%|10%|false|false\u00a0\u00bb custom_padding_phone=\u00a0\u00bb10%|10%|10%|10%|false|false\u00a0\u00bb custom_padding_last_edited=\u00a0\u00bbon|desktop\u00a0\u00bb text_font_size_tablet=\u00a0\u00bb\u00a0\u00bb text_font_size_phone=\u00a0\u00bb18px\u00a0\u00bb text_font_size_last_edited=\u00a0\u00bbon|phone\u00a0\u00bb header_font_size_tablet=\u00a0\u00bb30px\u00a0\u00bb header_font_size_phone=\u00a0\u00bb25px\u00a0\u00bb header_font_size_last_edited=\u00a0\u00bbon|phone\u00a0\u00bb custom_css_main_element=\u00a0\u00bbposition: relative\u00a0\u00bb border_width_all=\u00a0\u00bb1px\u00a0\u00bb border_color_all=\u00a0\u00bb#000042&Prime; use_border_color=\u00a0\u00bboff\u00a0\u00bb border_style=\u00a0\u00bbsolid\u00a0\u00bb global_colors_info=\u00a0\u00bb{}\u00a0\u00bb custom_css_main_element_last_edited=\u00a0\u00bbon|phone\u00a0\u00bb custom_css_main_element_tablet=\u00a0\u00bbposition: relative\u00a0\u00bb custom_css_main_element_phone=\u00a0\u00bbposition: relative\u00a0\u00bb]<\/p>\n<h1 style=\"text-align: center; padding-top: 8px; padding-bottom: 1em;\">LA FONDATRICE<\/h1>\n<p style=\"text-align: center;\">Optique d&rsquo;Ouchy c&rsquo;est avant tout l&rsquo;histoire d&rsquo;une petite fille qui adorait ses lunettes.<\/p>\n<p style=\"text-align: center;\">Passionn\u00e9e depuis toujours par le monde de l&rsquo;optique, mon m\u00e9tier est pour moi une \u00e9vidence.<\/p>\n<p style=\"text-align: center;\">Forte d&rsquo;une longue exp\u00e9rience, j&rsquo;ai cr\u00e9\u00e9 un magasin qui me ressemble.<\/p>\n<p style=\"text-align: center;\">Merci \u00e0 ma client\u00e8le pour la confiance qu&rsquo;elle me t\u00e9moigne depuis de nombreuses ann\u00e9es.<\/p>\n<p style=\"text-align: center;\">Si vous ne me connaissez pas encore, je vous invite \u00e0 venir d\u00e9couvrir l&rsquo;univers d&rsquo;Optique d&rsquo;Ouchy.<\/p>\n<p style=\"text-align: right;\">Nathalie Chatton-Fugazza<\/p>\n<p>[\/et_pb_text][et_pb_divider show_divider=\u00a0\u00bboff\u00a0\u00bb admin_label=\u00a0\u00bbS\u00e9parateur gauche bas\u00a0\u00bb _builder_version=\u00a0\u00bb4.13.1&Prime; _module_preset=\u00a0\u00bbdefault\u00a0\u00bb background_color=\u00a0\u00bb#FFFFFF\u00a0\u00bb z_index=\u00a0\u00bb1&Prime; width=\u00a0\u00bb50px\u00a0\u00bb module_alignment=\u00a0\u00bbleft\u00a0\u00bb height=\u00a0\u00bb50px\u00a0\u00bb custom_margin=\u00a0\u00bb||-50px||false|false\u00a0\u00bb custom_padding=\u00a0\u00bb||||false|false\u00a0\u00bb custom_css_main_element=\u00a0\u00bbposition: relative\u00a0\u00bb box_shadow_style=\u00a0\u00bbpreset1&Prime; box_shadow_vertical=\u00a0\u00bb0px\u00a0\u00bb box_shadow_blur=\u00a0\u00bb0px\u00a0\u00bb box_shadow_spread=\u00a0\u00bb20px\u00a0\u00bb box_shadow_color=\u00a0\u00bb#FFFFFF\u00a0\u00bb global_colors_info=\u00a0\u00bb{}\u00a0\u00bb][\/et_pb_divider][et_pb_divider show_divider=\u00a0\u00bboff\u00a0\u00bb admin_label=\u00a0\u00bbS\u00e9parateur Centre Bas\u00a0\u00bb _builder_version=\u00a0\u00bb4.13.1&Prime; _module_preset=\u00a0\u00bbdefault\u00a0\u00bb background_color=\u00a0\u00bb#FFFFFF\u00a0\u00bb background_image=\u00a0\u00bbhttps:\/\/optiquedouchy.ch\/wp-content\/uploads\/2021\/11\/Ornement-a-80&#215;19-bleu-rev.png\u00a0\u00bb background_size=\u00a0\u00bbcontain\u00a0\u00bb z_index=\u00a0\u00bb1&Prime; width=\u00a0\u00bb50px\u00a0\u00bb module_alignment=\u00a0\u00bbcenter\u00a0\u00bb min_height=\u00a0\u00bb50px\u00a0\u00bb height=\u00a0\u00bb50px\u00a0\u00bb custom_margin=\u00a0\u00bb||||false|false\u00a0\u00bb custom_css_main_element=\u00a0\u00bbposition: relative\u00a0\u00bb box_shadow_style=\u00a0\u00bbpreset1&Prime; box_shadow_vertical=\u00a0\u00bb0px\u00a0\u00bb box_shadow_blur=\u00a0\u00bb0px\u00a0\u00bb box_shadow_spread=\u00a0\u00bb20px\u00a0\u00bb box_shadow_color=\u00a0\u00bb#FFFFFF\u00a0\u00bb global_colors_info=\u00a0\u00bb{}\u00a0\u00bb][\/et_pb_divider][et_pb_divider show_divider=\u00a0\u00bboff\u00a0\u00bb admin_label=\u00a0\u00bbS\u00e9parateur droit bas\u00a0\u00bb _builder_version=\u00a0\u00bb4.13.1&Prime; _module_preset=\u00a0\u00bbdefault\u00a0\u00bb background_color=\u00a0\u00bb#FFFFFF\u00a0\u00bb z_index=\u00a0\u00bb1&Prime; width=\u00a0\u00bb50px\u00a0\u00bb module_alignment=\u00a0\u00bbright\u00a0\u00bb min_height=\u00a0\u00bb50px\u00a0\u00bb custom_margin=\u00a0\u00bb-50px||||false|false\u00a0\u00bb custom_css_main_element=\u00a0\u00bbposition: relative\u00a0\u00bb box_shadow_style=\u00a0\u00bbpreset1&Prime; box_shadow_vertical=\u00a0\u00bb0px\u00a0\u00bb box_shadow_blur=\u00a0\u00bb0px\u00a0\u00bb box_shadow_spread=\u00a0\u00bb20px\u00a0\u00bb box_shadow_color=\u00a0\u00bb#FFFFFF\u00a0\u00bb global_colors_info=\u00a0\u00bb{}\u00a0\u00bb][\/et_pb_divider][\/et_pb_column][\/et_pb_row][\/et_pb_section]<\/p>\n","protected":false},"excerpt":{"rendered":"<p>LA FONDATRICE Optique d&rsquo;Ouchy c&rsquo;est avant tout l&rsquo;histoire d&rsquo;une petite fille qui adorait ses lunettes. Passionn\u00e9e depuis toujours par le monde de l&rsquo;optique, mon m\u00e9tier est pour moi une \u00e9vidence. Forte d&rsquo;une longue exp\u00e9rience, j&rsquo;ai cr\u00e9\u00e9 un magasin qui me ressemble. Merci \u00e0 ma client\u00e8le pour la confiance qu&rsquo;elle me t\u00e9moigne depuis de nombreuses ann\u00e9es. [&hellip;]<\/p>\n","protected":false},"author":1,"featured_media":0,"parent":0,"menu_order":0,"comment_status":"closed","ping_status":"closed","template":"","meta":{"_et_pb_use_builder":"on","_et_pb_old_content":"","_et_gb_content_width":"","footnotes":""},"class_list":["post-29573","page","type-page","status-publish","hentry"],"yoast_head":"<!-- This site is optimized with the Yoast SEO plugin v27.5 - https:\/\/yoast.com\/product\/yoast-seo-wordpress\/ -->\n<title>La fondatrice - Optique d&#039;Ouchy - Opticien Lausanne<\/title>\n<meta name=\"robots\" content=\"index, follow, max-snippet:-1, max-image-preview:large, max-video-preview:-1\" \/>\n<link rel=\"canonical\" href=\"https:\/\/optiquedouchy.ch\/en\/lafondatrice\/\" \/>\n<meta property=\"og:locale\" content=\"en_US\" \/>\n<meta property=\"og:type\" content=\"article\" \/>\n<meta property=\"og:title\" content=\"La fondatrice - Optique d&#039;Ouchy - Opticien Lausanne\" \/>\n<meta property=\"og:description\" content=\"LA FONDATRICE Optique d&#039;Ouchy c&#039;est avant tout l&#039;histoire d&#039;une petite fille qui adorait ses lunettes. Passionn\u00e9e depuis toujours par le monde de l&#039;optique, mon m\u00e9tier est pour moi une \u00e9vidence. Forte d&#039;une longue exp\u00e9rience, j&#039;ai cr\u00e9\u00e9 un magasin qui me ressemble. Merci \u00e0 ma client\u00e8le pour la confiance qu&#039;elle me t\u00e9moigne depuis de nombreuses ann\u00e9es. [&hellip;]\" \/>\n<meta property=\"og:url\" content=\"https:\/\/optiquedouchy.ch\/en\/lafondatrice\/\" \/>\n<meta property=\"og:site_name\" content=\"Optique d&#039;Ouchy - Opticien Lausanne\" \/>\n<meta property=\"article:modified_time\" content=\"2022-01-25T08:11:04+00:00\" \/>\n<meta name=\"twitter:card\" content=\"summary_large_image\" \/>\n<meta name=\"twitter:label1\" content=\"Est. reading time\" \/>\n\t<meta name=\"twitter:data1\" content=\"4 minutes\" \/>\n<script type=\"application\/ld+json\" class=\"yoast-schema-graph\">{\"@context\":\"https:\\\/\\\/schema.org\",\"@graph\":[{\"@type\":\"WebPage\",\"@id\":\"https:\\\/\\\/optiquedouchy.ch\\\/lafondatrice\\\/\",\"url\":\"https:\\\/\\\/optiquedouchy.ch\\\/lafondatrice\\\/\",\"name\":\"La fondatrice - Optique d&#039;Ouchy - Opticien Lausanne\",\"isPartOf\":{\"@id\":\"https:\\\/\\\/optiquedouchy.ch\\\/#website\"},\"datePublished\":\"2021-10-18T18:37:57+00:00\",\"dateModified\":\"2022-01-25T08:11:04+00:00\",\"breadcrumb\":{\"@id\":\"https:\\\/\\\/optiquedouchy.ch\\\/lafondatrice\\\/#breadcrumb\"},\"inLanguage\":\"en-US\",\"potentialAction\":[{\"@type\":\"ReadAction\",\"target\":[\"https:\\\/\\\/optiquedouchy.ch\\\/lafondatrice\\\/\"]}]},{\"@type\":\"BreadcrumbList\",\"@id\":\"https:\\\/\\\/optiquedouchy.ch\\\/lafondatrice\\\/#breadcrumb\",\"itemListElement\":[{\"@type\":\"ListItem\",\"position\":1,\"name\":\"Accueil\",\"item\":\"https:\\\/\\\/optiquedouchy.ch\\\/\"},{\"@type\":\"ListItem\",\"position\":2,\"name\":\"La fondatrice\"}]},{\"@type\":\"WebSite\",\"@id\":\"https:\\\/\\\/optiquedouchy.ch\\\/#website\",\"url\":\"https:\\\/\\\/optiquedouchy.ch\\\/\",\"name\":\"Optique d'Ouchy\",\"description\":\"Magasin d&#039;optique ind\u00e9pendant, situ\u00e9 au coeur d&#039;Ouchy, \u00e0 Lausanne\",\"publisher\":{\"@id\":\"https:\\\/\\\/optiquedouchy.ch\\\/#organization\"},\"potentialAction\":[{\"@type\":\"SearchAction\",\"target\":{\"@type\":\"EntryPoint\",\"urlTemplate\":\"https:\\\/\\\/optiquedouchy.ch\\\/?s={search_term_string}\"},\"query-input\":{\"@type\":\"PropertyValueSpecification\",\"valueRequired\":true,\"valueName\":\"search_term_string\"}}],\"inLanguage\":\"en-US\"},{\"@type\":\"Organization\",\"@id\":\"https:\\\/\\\/optiquedouchy.ch\\\/#organization\",\"name\":\"Optique d'Ouchy\",\"url\":\"https:\\\/\\\/optiquedouchy.ch\\\/\",\"logo\":{\"@type\":\"ImageObject\",\"inLanguage\":\"en-US\",\"@id\":\"https:\\\/\\\/optiquedouchy.ch\\\/#\\\/schema\\\/logo\\\/image\\\/\",\"url\":\"https:\\\/\\\/optiquedouchy.ch\\\/wp-content\\\/uploads\\\/2021\\\/09\\\/Logo-Optique-dOuchy-600X188-Blue.png\",\"contentUrl\":\"https:\\\/\\\/optiquedouchy.ch\\\/wp-content\\\/uploads\\\/2021\\\/09\\\/Logo-Optique-dOuchy-600X188-Blue.png\",\"width\":600,\"height\":188,\"caption\":\"Optique d'Ouchy\"},\"image\":{\"@id\":\"https:\\\/\\\/optiquedouchy.ch\\\/#\\\/schema\\\/logo\\\/image\\\/\"},\"sameAs\":[\"https:\\\/\\\/www.instagram.com\\\/optiquedouchy\\\/\"]}]}<\/script>\n<!-- \/ Yoast SEO plugin. -->","yoast_head_json":{"title":"La fondatrice - Optique d&#039;Ouchy - Opticien Lausanne","robots":{"index":"index","follow":"follow","max-snippet":"max-snippet:-1","max-image-preview":"max-image-preview:large","max-video-preview":"max-video-preview:-1"},"canonical":"https:\/\/optiquedouchy.ch\/en\/lafondatrice\/","og_locale":"en_US","og_type":"article","og_title":"La fondatrice - Optique d&#039;Ouchy - Opticien Lausanne","og_description":"LA FONDATRICE Optique d'Ouchy c'est avant tout l'histoire d'une petite fille qui adorait ses lunettes. Passionn\u00e9e depuis toujours par le monde de l'optique, mon m\u00e9tier est pour moi une \u00e9vidence. Forte d'une longue exp\u00e9rience, j'ai cr\u00e9\u00e9 un magasin qui me ressemble. Merci \u00e0 ma client\u00e8le pour la confiance qu'elle me t\u00e9moigne depuis de nombreuses ann\u00e9es. [&hellip;]","og_url":"https:\/\/optiquedouchy.ch\/en\/lafondatrice\/","og_site_name":"Optique d&#039;Ouchy - Opticien Lausanne","article_modified_time":"2022-01-25T08:11:04+00:00","twitter_card":"summary_large_image","twitter_misc":{"Est. reading time":"4 minutes"},"schema":{"@context":"https:\/\/schema.org","@graph":[{"@type":"WebPage","@id":"https:\/\/optiquedouchy.ch\/lafondatrice\/","url":"https:\/\/optiquedouchy.ch\/lafondatrice\/","name":"La fondatrice - Optique d&#039;Ouchy - Opticien Lausanne","isPartOf":{"@id":"https:\/\/optiquedouchy.ch\/#website"},"datePublished":"2021-10-18T18:37:57+00:00","dateModified":"2022-01-25T08:11:04+00:00","breadcrumb":{"@id":"https:\/\/optiquedouchy.ch\/lafondatrice\/#breadcrumb"},"inLanguage":"en-US","potentialAction":[{"@type":"ReadAction","target":["https:\/\/optiquedouchy.ch\/lafondatrice\/"]}]},{"@type":"BreadcrumbList","@id":"https:\/\/optiquedouchy.ch\/lafondatrice\/#breadcrumb","itemListElement":[{"@type":"ListItem","position":1,"name":"Accueil","item":"https:\/\/optiquedouchy.ch\/"},{"@type":"ListItem","position":2,"name":"La fondatrice"}]},{"@type":"WebSite","@id":"https:\/\/optiquedouchy.ch\/#website","url":"https:\/\/optiquedouchy.ch\/","name":"Optique d'Ouchy","description":"Magasin d&#039;optique ind\u00e9pendant, situ\u00e9 au coeur d&#039;Ouchy, \u00e0 Lausanne","publisher":{"@id":"https:\/\/optiquedouchy.ch\/#organization"},"potentialAction":[{"@type":"SearchAction","target":{"@type":"EntryPoint","urlTemplate":"https:\/\/optiquedouchy.ch\/?s={search_term_string}"},"query-input":{"@type":"PropertyValueSpecification","valueRequired":true,"valueName":"search_term_string"}}],"inLanguage":"en-US"},{"@type":"Organization","@id":"https:\/\/optiquedouchy.ch\/#organization","name":"Optique d'Ouchy","url":"https:\/\/optiquedouchy.ch\/","logo":{"@type":"ImageObject","inLanguage":"en-US","@id":"https:\/\/optiquedouchy.ch\/#\/schema\/logo\/image\/","url":"https:\/\/optiquedouchy.ch\/wp-content\/uploads\/2021\/09\/Logo-Optique-dOuchy-600X188-Blue.png","contentUrl":"https:\/\/optiquedouchy.ch\/wp-content\/uploads\/2021\/09\/Logo-Optique-dOuchy-600X188-Blue.png","width":600,"height":188,"caption":"Optique d'Ouchy"},"image":{"@id":"https:\/\/optiquedouchy.ch\/#\/schema\/logo\/image\/"},"sameAs":["https:\/\/www.instagram.com\/optiquedouchy\/"]}]}},"_links":{"self":[{"href":"https:\/\/optiquedouchy.ch\/en\/wp-json\/wp\/v2\/pages\/29573","targetHints":{"allow":["GET"]}}],"collection":[{"href":"https:\/\/optiquedouchy.ch\/en\/wp-json\/wp\/v2\/pages"}],"about":[{"href":"https:\/\/optiquedouchy.ch\/en\/wp-json\/wp\/v2\/types\/page"}],"author":[{"embeddable":true,"href":"https:\/\/optiquedouchy.ch\/en\/wp-json\/wp\/v2\/users\/1"}],"replies":[{"embeddable":true,"href":"https:\/\/optiquedouchy.ch\/en\/wp-json\/wp\/v2\/comments?post=29573"}],"version-history":[{"count":54,"href":"https:\/\/optiquedouchy.ch\/en\/wp-json\/wp\/v2\/pages\/29573\/revisions"}],"predecessor-version":[{"id":30958,"href":"https:\/\/optiquedouchy.ch\/en\/wp-json\/wp\/v2\/pages\/29573\/revisions\/30958"}],"wp:attachment":[{"href":"https:\/\/optiquedouchy.ch\/en\/wp-json\/wp\/v2\/media?parent=29573"}],"curies":[{"name":"wp","href":"https:\/\/api.w.org\/{rel}","templated":true}]}}